{"id":46,"date":"2024-01-18T18:37:55","date_gmt":"2024-01-18T18:37:55","guid":{"rendered":"https:\/\/www.stasiowka.pl\/?page_id=46"},"modified":"2024-01-20T17:03:14","modified_gmt":"2024-01-20T17:03:14","slug":"dziewczeca-sluzba-maryjna","status":"publish","type":"page","link":"https:\/\/www.stasiowka.pl\/?page_id=46","title":{"rendered":"DZIEWCZ\u0118CA S\u0141U\u017bBA MARYJNA"},"content":{"rendered":"<p style=\"text-align: justify;\"><span style=\"color: #000000;\">Zacz\u0119\u0142o si\u0119 w Tarnowie ponad 25 lat temu.&nbsp;W kr\u0119gu os\u00f3b wsp\u00f3\u0142pracuj\u0105cych z \u00f3wczesnym diecezjalnym Referatem Duszpasterstwa M\u0142odzie\u017cy, kt\u00f3re spotyka\u0142y si\u0119, aby przygotowa\u0107 programy i pomoce formacyjne dla \u00f3wczesnych m\u0142odzie\u017cowych grup apostolskich, powraca\u0142a wci\u0105\u017c my\u015bl o potrzebie obj\u0119cia g\u0142\u0119bsz\u0105 formacj\u0105 tak\u017ce dziewcz\u0105t ze szk\u00f3\u0142 podstawowych, kt\u00f3re nie mia\u0142y dot\u0105d &#8211; w odr\u00f3\u017cnieniu od ch\u0142opc\u00f3w nale\u017c\u0105cych do zespo\u0142\u00f3w ministranckich &#8211; takich mo\u017cliwo\u015bci.<\/span><\/p>\n<p style=\"text-align: justify;\"><span style=\"color: #000000;\"><img fetchpriority=\"high\" decoding=\"async\" class=\"size-medium wp-image-118 alignleft\" src=\"https:\/\/www.stasiowka.pl\/wp-content\/uploads\/2024\/01\/dsm1-183x300.jpg\" alt=\"\" width=\"183\" height=\"300\" srcset=\"https:\/\/www.stasiowka.pl\/wp-content\/uploads\/2024\/01\/dsm1-183x300.jpg 183w, https:\/\/www.stasiowka.pl\/wp-content\/uploads\/2024\/01\/dsm1.jpg 276w\" sizes=\"(max-width: 183px) 100vw, 183px\" \/>A przemawia\u0142y za tym wa\u017cne racje religijne i pedagogiczne. Stwierdzano zgodnie, \u017ce dla harmonijnego&nbsp;rozwoju osobowo\u015bci ludzkiej i chrze\u015bcija\u0144skiej trzeba dziewcz\u0119tom nie tylko dawa\u0107 wi\u0119cej wiadomo\u015bci, ale i zapewni\u0107 g\u0142\u0119bsze prze\u017cycia religijne w ramach zaj\u0119\u0107 poza katechizacj\u0105 w ma\u0142ych grupach. Uznano te\u017c, \u017ce nie wolno z tym czeka\u0107 do wieku m\u0142odzie\u0144czego, ale nale\u017cy zaczyna\u0107 o wiele wcze\u015bniej &#8211; ju\u017c po Pierwszej Komunii, kiedy dzieci s\u0105 szczeg\u00f3lnie ch\u0142onne i otwarte na takie dzia\u0142anie i kiedy jeszcze nie zaanga\u017cowa\u0142y si\u0119 w dzia\u0142alno\u015b\u0107 licznych, proponowanych przez szko\u0142\u0119, k\u00f3\u0142 zainteresowa\u0144. By\u0142o to zadanie trudne, ale bardzo pilne i wa\u017cne dla umocnienia polskiej rodziny i wiary w naszych parafiach.<\/span><\/p>\n<p style=\"text-align: justify;\"><span style=\"color: #000000;\">Panowa\u0142o od pocz\u0105tku prze\u015bwiadczenie, \u017ce wychowanie apostolskie dziewcz\u0105t powinno by\u0107 wychowaniem maryjnym, \u017ce Matce Bo\u017cej trzeba to dzie\u0142o odda\u0107 w r\u0119ce, by pod Jej opiek\u0105 dokonywa\u0142 si\u0119 zasiew, wzrost i zbieranie plon\u00f3w.<\/span><br \/>\n<span style=\"color: #000000;\">Dziewcz\u0119ca S\u0142u\u017cba Maryjna w Diecezji Tarnowskiej powsta\u0142a w 1983 r. z inicjatywy ks. bpa W\u0142adys\u0142awa Bobowskiego, wtedy te\u017c zacz\u0119\u0142a kszta\u0142towa\u0107 si\u0119 koncepcja i program formacji, turnusy \u201eWakacje z Bogiem&#8221; oraz powstawa\u0142y ramy organizacyjne.<\/span><br \/>\n<span style=\"color: #000000;\">Spraw\u0119 tworzenia grup dziewcz\u0119cych postanowiono odda\u0107 w pierwszym rz\u0119dzie siostrom zakonnym, ale od pocz\u0105tku anga\u017cowano do tego dzie\u0142a tak\u017ce matki i inne kobiety, zw\u0142aszcza z przygotowaniem pedagogicznym. Starano si\u0119 powierza\u0107 niekt\u00f3re zadania formacyjne i apostolskie tak\u017ce starszym dziewcz\u0119tom, pe\u0142ni\u0105cym w grupach role przewodniczek. Oczywi\u015bcie praca ta mia\u0142a by\u0107 integraln\u0105 cz\u0119\u015bci\u0105 duszpasterstwa parafialnego pod troskliw\u0105 opiek\u0105 ksi\u0119dza proboszcza i przy wsp\u00f3\u0142pracy ksi\u0119\u017cy wikariuszy.<\/span><\/p>\n<p style=\"text-align: justify;\"><span style=\"color: #000000;\">W parafiach Diecezji Tarnowskiej jest obecnie ponad 150 grup Dziewcz\u0119cej S\u0142u\u017cby Maryjnej. Tworzy je ponad 4000 dziewcz\u0105t w wieku od 10-18 lat. Grupy te prowadzi ponad 200 os\u00f3b, w\u015br\u00f3d kt\u00f3rych zaanga\u017cowanych jest 30 os\u00f3b \u015bwieckich, (w wi\u0119kszo\u015bci s\u0105 to osoby katechizuj\u0105ce w szko\u0142ach). Ksi\u0119\u017com i Siostrom Zakonnym odpowiedzialnym za formacj\u0119 dziewcz\u0105t, nale\u017c\u0105cych do DSM pomagaj\u0105 przewodniczki &#8211; przyjmowane do tej pos\u0142ugi po uko\u0144czeniu szkolenia podczas kurs\u00f3w formacyjnych, prowadzonych przez Duszpasterstwo M\u0142odzie\u017cy Kurii Diecezjalnej w Tarnowie.<\/span><\/p>\n<p><img decoding=\"async\" class=\"aligncenter wp-image-762 size-large\" src=\"https:\/\/www.stasiowka.pl\/wp-content\/uploads\/2024\/01\/DSM_2023-42-1-1024x576.jpg\" alt=\"\" width=\"847\" height=\"476\" srcset=\"https:\/\/www.stasiowka.pl\/wp-content\/uploads\/2024\/01\/DSM_2023-42-1-1024x576.jpg 1024w, https:\/\/www.stasiowka.pl\/wp-content\/uploads\/2024\/01\/DSM_2023-42-1-300x169.jpg 300w, https:\/\/www.stasiowka.pl\/wp-content\/uploads\/2024\/01\/DSM_2023-42-1-768x432.jpg 768w, https:\/\/www.stasiowka.pl\/wp-content\/uploads\/2024\/01\/DSM_2023-42-1-1536x864.jpg 1536w, https:\/\/www.stasiowka.pl\/wp-content\/uploads\/2024\/01\/DSM_2023-42-1-847x476.jpg 847w, https:\/\/www.stasiowka.pl\/wp-content\/uploads\/2024\/01\/DSM_2023-42-1.jpg 2016w\" sizes=\"(max-width: 847px) 100vw, 847px\" \/><\/p>\n<p style=\"text-align: justify;\"><span style=\"color: #000000;\"><strong>DSM w naszej parafii.<\/strong><\/span><br \/>\n<span style=\"color: #000000;\"><strong>Dziewcz\u0119ca S\u0142u\u017cba Maryjna istnieje w naszej wsp\u00f3lnocie od wielu lat. Ka\u017cda dziewczyna, nale\u017c\u0105ca do wsp\u00f3lnoty DSM powinna przestrzega\u0107 5 zada\u0144 Dziecka Maryi, kt\u00f3rymi s\u0105: pos\u0142usze\u0144stwo, wsp\u00f3lnota, rado\u015b\u0107, ofiara i przyja\u017a\u0144 z Jezusem. Jej obowi\u0105zkiem jest r\u00f3wnie\u017c uczestniczenie w spotkaniach.<\/strong><\/span><br \/>\n<span style=\"color: #000000;\"><strong>DSM w naszej parafii ma okre\u015blone stroje liturgiczne w kolorze niebieskim. DSM za cel postawi\u0142o sobie poznanie \u017cycia Maryi oraz na\u015bladowanie jej w codziennym \u017cyciu, przez wzajemn\u0105 mi\u0142o\u015b\u0107, s\u0142u\u017cb\u0119 i otwarto\u015b\u0107. Cechy te winny charakteryzowa\u0107 ka\u017cd\u0105 \u201eMaryjk\u0119&#8221; i tak powinna \u017cy\u0107 tak\u017ce w swoim \u015brodowisku, a wi\u0119c w rodzinie i szkole. Warto w\u0142a\u015bnie w taki spos\u00f3b w\u0142\u0105cza\u0107 si\u0119 w \u017cycie parafii, wsp\u00f3lnie pog\u0142\u0119bia\u0107 swoj\u0105 wiar\u0119 i dawa\u0107 przyk\u0142ad innym swoim post\u0119powaniem, wynikaj\u0105cym z przynale\u017cno\u015bci do Boga i Maryi.<\/strong><\/span><\/p>\n","protected":false},"excerpt":{"rendered":"<p>Zacz\u0119\u0142o si\u0119 w Tarnowie ponad 25 lat temu.&nbsp;W kr\u0119gu os\u00f3b wsp\u00f3\u0142pracuj\u0105cych z \u00f3wczesnym diecezjalnym Referatem Duszpasterstwa M\u0142odzie\u017cy, kt\u00f3re spotyka\u0142y si\u0119, aby przygotowa\u0107 programy i pomoce formacyjne dla \u00f3wczesnych m\u0142odzie\u017cowych grup apostolskich, powraca\u0142a wci\u0105\u017c my\u015bl o potrzebie obj\u0119cia g\u0142\u0119bsz\u0105 formacj\u0105 tak\u017ce dziewcz\u0105t ze szk\u00f3\u0142 podstawowych, kt\u00f3re nie mia\u0142y dot\u0105d &#8211; w odr\u00f3\u017cnieniu od ch\u0142opc\u00f3w nale\u017c\u0105cych do &hellip; <\/p>\n<p><a class=\"more-link btn\" href=\"https:\/\/www.stasiowka.pl\/?page_id=46\">Czytaj dalej<\/a><\/p>\n","protected":false},"author":1,"featured_media":0,"parent":0,"menu_order":0,"comment_status":"closed","ping_status":"closed","template":"","meta":{"ngg_post_thumbnail":0,"footnotes":""},"class_list":["post-46","page","type-page","status-publish","hentry","nodate","item-wrap"],"_links":{"self":[{"href":"https:\/\/www.stasiowka.pl\/index.php?rest_route=\/wp\/v2\/pages\/46","targetHints":{"allow":["GET"]}}],"collection":[{"href":"https:\/\/www.stasiowka.pl\/index.php?rest_route=\/wp\/v2\/pages"}],"about":[{"href":"https:\/\/www.stasiowka.pl\/index.php?rest_route=\/wp\/v2\/types\/page"}],"author":[{"embeddable":true,"href":"https:\/\/www.stasiowka.pl\/index.php?rest_route=\/wp\/v2\/users\/1"}],"replies":[{"embeddable":true,"href":"https:\/\/www.stasiowka.pl\/index.php?rest_route=%2Fwp%2Fv2%2Fcomments&post=46"}],"version-history":[{"count":4,"href":"https:\/\/www.stasiowka.pl\/index.php?rest_route=\/wp\/v2\/pages\/46\/revisions"}],"predecessor-version":[{"id":763,"href":"https:\/\/www.stasiowka.pl\/index.php?rest_route=\/wp\/v2\/pages\/46\/revisions\/763"}],"wp:attachment":[{"href":"https:\/\/www.stasiowka.pl\/index.php?rest_route=%2Fwp%2Fv2%2Fmedia&parent=46"}],"curies":[{"name":"wp","href":"https:\/\/api.w.org\/{rel}","templated":true}]}}