{"id":40,"date":"2024-01-18T18:37:18","date_gmt":"2024-01-18T18:37:18","guid":{"rendered":"https:\/\/www.stasiowka.pl\/?page_id=40"},"modified":"2024-01-20T16:57:04","modified_gmt":"2024-01-20T16:57:04","slug":"wspolnota-matek-w-modlitwie","status":"publish","type":"page","link":"https:\/\/www.stasiowka.pl\/?page_id=40","title":{"rendered":"WSP\u00d3LNOTA MATEK W MODLITWIE"},"content":{"rendered":"\t\t<div data-elementor-type=\"wp-page\" data-elementor-id=\"40\" class=\"elementor elementor-40\">\n\t\t\t\t<div class=\"elementor-element elementor-element-6e708d0a e-flex e-con-boxed e-con e-parent\" data-id=\"6e708d0a\" data-element_type=\"container\" data-e-type=\"container\">\n\t\t\t\t\t<div class=\"e-con-inner\">\n\t\t\t\t<div class=\"elementor-element elementor-element-59829ce4 elementor-widget elementor-widget-text-editor\" data-id=\"59829ce4\" data-element_type=\"widget\" data-e-type=\"widget\" data-widget_type=\"text-editor.default\">\n\t\t\t\t<div class=\"elementor-widget-container\">\n\t\t\t\t\t\t\t\t\t<p style=\"text-align: justify;\"><span style=\"color: #000000;\">Ruch &#8222;Matki w Modlitwie&#8221; powsta\u0142 w Anglii w 1995 roku, po tym jak dwie Angielki Veronica i jej bratowa Sandra poczu\u0142y, \u017ce wol\u0105 Bo\u017c\u0105 jest, aby modli\u0142y si\u0119 za swoje dzieci w szczeg\u00f3lny spos\u00f3b. Na modlitwie rozezna\u0142y, \u017ce \u017cyczeniem Jezusa jest, aby wszystkie matki powierza\u0142y swoje dzieci Jego opiece, by zdj\u0105\u0107 b\u00f3l z matek, a na ich dzieci zes\u0142a\u0107 b\u0142ogos\u0142awie\u0144stwo. Ruch &#8222;Matki w Modlitwie&#8221; dzia\u0142a obecnie w ponad 70 krajach. Jest wiele \u015bwiadectw potwierdzaj\u0105cych, \u017ce modlitwy te s\u0105 wys\u0142uchiwane. Matki spotykaj\u0105 si\u0119 w swoich domach, w okre\u015blonych i wybranych przez siebie terminach. Obowi\u0105zuje je zasada poufno\u015bci, wymagaj\u0105ca \u017ceby nic z tego, czym dziel\u0105 si\u0119 na swoich spotkaniach nie by\u0142o p\u00f3\u017aniej dalej przekazywane. Problemy matek staj\u0105 si\u0119 \u0142atwiejsze do ud\u017awigni\u0119cia, kiedy dziel\u0105 si\u0119 nimi we wsp\u00f3lnej modlitwie, ucz\u0105c si\u0119 przy tym wzajemnego zaufania i szacunku.<\/span><br \/><span style=\"color: #000000;\">Kiedy modlimy si\u0119 za dzieci musimy zawsze my\u015ble\u0107:\u00a0Co B\u00f3g chcia\u0142by dla nich?\u00a0Ta modlitwa jest bardzo trudna, bo wszyscy my\u015blimy, \u017ce to my wiemy co jest najlepsze dla naszych dzieci!\u00a0Musimy modli\u0107 si\u0119 o zrozumienie, jakie s\u0105 Bo\u017ce plany w stosunku do dzieci, a nie kierowa\u0107 si\u0119 tym co my my\u015blimy, \u017ce jest dla nich najlepsze.\u00a0Powinni\u015bmy modli\u0107 si\u0119 o \u0142ask\u0119 coraz lepszego rozumienia woli Bo\u017cej zar\u00f3wno w odniesieniu do naszego \u017cycia, jak te\u017c w odniesieniu do naszych dzieci. Z ca\u0142ego serca Bogu zaufaj, nie polegaj na swoim rozs\u0105dku (Ksi\u0119ga Przys\u0142\u00f3w 3,5)Panie, daj mi takie oczy, \u017cebym widzia\u0142a Ciebie w moich dzieciach, Twoje serce, \u017cebym je kocha\u0142a, i Twoj\u0105 \u0142agodno\u015b\u0107, \u017cebym pomaga\u0142a im wzrasta\u0107. Daj mi Twoj\u0105 m\u0105dro\u015b\u0107, \u017ceby ich prowadzi\u0107, i Twoj\u0105 si\u0142\u0119, \u017ceby pozwoli\u0107 im odej\u015b\u0107. Amen.<\/span><\/p><p style=\"text-align: justify;\"><span style=\"color: #000000;\"><strong>W naszej parafii wsp\u00f3lnota &#8222;Matki w Modlitwie&#8221; powsta\u0142a w sierpniu 2013 r. Obecnie do tej wsp\u00f3lnoty nale\u017cy 18 matek kt\u00f3re wsp\u00f3ln\u0105 modlitw\u0105 obejmuj\u0105 w\u0142asne dzieci i wszystkie inne powierzone im pro\u015bbie modlitewnej, <\/strong><strong>kt\u00f3re przewodnicz\u0105 modlitwie domowej. Ka\u017cda z mam codziennie odmawia w intencji dzieci powierzonych modlitwom Pod Twoj\u0105 Obron\u0119 i modlitw\u0119 \u015aw. Feliksa.\u00a0<\/strong><strong>Spotkania grupy odbywaj\u0105 si\u0119 w pierwsze \u015brody miesi\u0105ca.<\/strong><\/span><br \/><span style=\"color: #000000;\"><strong>Moderatorem Wsp\u00f3lnoty jest pani Renata \u0141ukaszewska.<\/strong><\/span><\/p><p style=\"text-align: justify;\"><span style=\"color: #000000;\">Serdecznie zapraszamy do wsp\u00f3lnej modlitwy i przy\u0142\u0105czenia si\u0119 do nas, poniewa\u017c ufamy s\u0142owom naszego Pana Jezusa Chrystusa kt\u00f3ry powiedzia\u0142: &#8222;Je\u015bli dwaj z was na ziemi zgodnie o cos prosi\u0107 b\u0119d\u0105 to wszystkiego u\u017cyczy wam m\u00f3j Ojciec kt\u00f3ry jest w niebie.&#8221;<\/span><\/p><p style=\"text-align: justify;\">\u00a0<\/p>\t\t\t\t\t\t\t\t<\/div>\n\t\t\t\t<\/div>\n\t\t\t\t\t<\/div>\n\t\t\t\t<\/div>\n\t\t<div class=\"elementor-element elementor-element-639de4f e-flex e-con-boxed e-con e-parent\" data-id=\"639de4f\" data-element_type=\"container\" data-e-type=\"container\">\n\t\t\t\t\t<div class=\"e-con-inner\">\n\t\t\t\t<div class=\"elementor-element elementor-element-a205e3a elementor-widget elementor-widget-image\" data-id=\"a205e3a\" data-element_type=\"widget\" data-e-type=\"widget\" data-widget_type=\"image.default\">\n\t\t\t\t<div class=\"elementor-widget-container\">\n\t\t\t\t\t\t\t\t\t\t\t\t\t\t\t\t<a href=\"https:\/\/www.stasiowka.pl\/wp-content\/uploads\/2024\/01\/20230906_195652-scaled.jpg\" data-elementor-open-lightbox=\"yes\" data-elementor-lightbox-title=\"20230906_195652\" data-e-action-hash=\"#elementor-action%3Aaction%3Dlightbox%26settings%3DeyJpZCI6NzQ4LCJ1cmwiOiJodHRwczpcL1wvd3d3LnN0YXNpb3drYS5wbFwvd3AtY29udGVudFwvdXBsb2Fkc1wvMjAyNFwvMDFcLzIwMjMwOTA2XzE5NTY1Mi1zY2FsZWQuanBnIn0%3D\">\n\t\t\t\t\t\t\t<img fetchpriority=\"high\" decoding=\"async\" width=\"847\" height=\"476\" src=\"https:\/\/www.stasiowka.pl\/wp-content\/uploads\/2024\/01\/20230906_195652-1024x576.jpg\" class=\"attachment-large size-large wp-image-748\" alt=\"\" srcset=\"https:\/\/www.stasiowka.pl\/wp-content\/uploads\/2024\/01\/20230906_195652-1024x576.jpg 1024w, https:\/\/www.stasiowka.pl\/wp-content\/uploads\/2024\/01\/20230906_195652-300x169.jpg 300w, https:\/\/www.stasiowka.pl\/wp-content\/uploads\/2024\/01\/20230906_195652-768x432.jpg 768w, https:\/\/www.stasiowka.pl\/wp-content\/uploads\/2024\/01\/20230906_195652-1536x864.jpg 1536w, https:\/\/www.stasiowka.pl\/wp-content\/uploads\/2024\/01\/20230906_195652-2048x1152.jpg 2048w, https:\/\/www.stasiowka.pl\/wp-content\/uploads\/2024\/01\/20230906_195652-847x476.jpg 847w\" sizes=\"(max-width: 847px) 100vw, 847px\" \/>\t\t\t\t\t\t\t\t<\/a>\n\t\t\t\t\t\t\t\t\t\t\t\t\t\t\t<\/div>\n\t\t\t\t<\/div>\n\t\t\t\t\t<\/div>\n\t\t\t\t<\/div>\n\t\t<div class=\"elementor-element elementor-element-9e34d38 e-flex e-con-boxed e-con e-parent\" data-id=\"9e34d38\" data-element_type=\"container\" data-e-type=\"container\">\n\t\t\t\t\t<div class=\"e-con-inner\">\n\t\t\t\t<div class=\"elementor-element elementor-element-5e7641d elementor-widget elementor-widget-text-editor\" data-id=\"5e7641d\" data-element_type=\"widget\" data-e-type=\"widget\" data-widget_type=\"text-editor.default\">\n\t\t\t\t<div class=\"elementor-widget-container\">\n\t\t\t\t\t\t\t\t\t<p><span style=\"color: #000000;\"><strong>Modlitwa \u015awi\u0119tego Feliksa w intencji dzieci:<\/strong><\/span><br \/><span style=\"color: #000000;\"><em>Panie Jezu Chryste przyszed\u0142e\u015b na \u015bwiat jako Dziecko i za Matk\u0119 chcia\u0142e\u015b mie\u0107 Maryj\u0119 Dziewic\u0119. Twojej i jej opiece, przez wstawiennictwo \u015aw. Feliksa, powierzamy wszystkie dzieci. B\u0142ogos\u0142aw im, by mog\u0142y \u017cy\u0107 w mi\u0142o\u015bci i prawdzie, bro\u0144 ich przed z\u0142em, a choruj\u0105cym przywr\u00f3\u0107 zdrowie. Spraw, by wzrastaj\u0105c dobrze odczyta\u0142y i wype\u0142nia\u0142y swoje powo\u0142anie. Niech na ca\u0142ym \u015bwiecie spe\u0142ni si\u0119 Twoje pragnienie ,,Pozw\u00f3lcie dzieciom przychodzi\u0107 do Mnie&#8221; Amen.<\/em><\/span><\/p>\t\t\t\t\t\t\t\t<\/div>\n\t\t\t\t<\/div>\n\t\t\t\t\t<\/div>\n\t\t\t\t<\/div>\n\t\t\t\t<\/div>\n\t\t","protected":false},"excerpt":{"rendered":"<p>Ruch &#8222;Matki w Modlitwie&#8221; powsta\u0142 w Anglii w 1995 roku, po tym jak dwie Angielki Veronica i jej bratowa Sandra poczu\u0142y, \u017ce wol\u0105 Bo\u017c\u0105 jest, aby modli\u0142y si\u0119 za swoje dzieci w szczeg\u00f3lny spos\u00f3b. Na modlitwie rozezna\u0142y, \u017ce \u017cyczeniem Jezusa jest, aby wszystkie matki powierza\u0142y swoje dzieci Jego opiece, by zdj\u0105\u0107 b\u00f3l z matek, a &hellip; <\/p>\n<p><a class=\"more-link btn\" href=\"https:\/\/www.stasiowka.pl\/?page_id=40\">Czytaj dalej<\/a><\/p>\n","protected":false},"author":1,"featured_media":0,"parent":0,"menu_order":0,"comment_status":"closed","ping_status":"closed","template":"","meta":{"ngg_post_thumbnail":0,"footnotes":""},"class_list":["post-40","page","type-page","status-publish","hentry","nodate","item-wrap"],"_links":{"self":[{"href":"https:\/\/www.stasiowka.pl\/index.php?rest_route=\/wp\/v2\/pages\/40","targetHints":{"allow":["GET"]}}],"collection":[{"href":"https:\/\/www.stasiowka.pl\/index.php?rest_route=\/wp\/v2\/pages"}],"about":[{"href":"https:\/\/www.stasiowka.pl\/index.php?rest_route=\/wp\/v2\/types\/page"}],"author":[{"embeddable":true,"href":"https:\/\/www.stasiowka.pl\/index.php?rest_route=\/wp\/v2\/users\/1"}],"replies":[{"embeddable":true,"href":"https:\/\/www.stasiowka.pl\/index.php?rest_route=%2Fwp%2Fv2%2Fcomments&post=40"}],"version-history":[{"count":10,"href":"https:\/\/www.stasiowka.pl\/index.php?rest_route=\/wp\/v2\/pages\/40\/revisions"}],"predecessor-version":[{"id":754,"href":"https:\/\/www.stasiowka.pl\/index.php?rest_route=\/wp\/v2\/pages\/40\/revisions\/754"}],"wp:attachment":[{"href":"https:\/\/www.stasiowka.pl\/index.php?rest_route=%2Fwp%2Fv2%2Fmedia&parent=40"}],"curies":[{"name":"wp","href":"https:\/\/api.w.org\/{rel}","templated":true}]}}