{"id":38,"date":"2024-01-18T18:37:03","date_gmt":"2024-01-18T18:37:03","guid":{"rendered":"https:\/\/www.stasiowka.pl\/?page_id=38"},"modified":"2024-01-20T16:59:57","modified_gmt":"2024-01-20T16:59:57","slug":"wspolnota-zywej-drogi-krzyzowej","status":"publish","type":"page","link":"https:\/\/www.stasiowka.pl\/?page_id=38","title":{"rendered":"WSP\u00d3LNOTA \u017bYWEJ DROGI KRZY\u017bOWEJ"},"content":{"rendered":"<p><img decoding=\"async\" class=\" wp-image-756 alignleft\" src=\"https:\/\/www.stasiowka.pl\/wp-content\/uploads\/2024\/01\/309269199_439743704916317_732935946288352550_n-300x300.jpg\" alt=\"\" width=\"150\" height=\"150\" srcset=\"https:\/\/www.stasiowka.pl\/wp-content\/uploads\/2024\/01\/309269199_439743704916317_732935946288352550_n-300x300.jpg 300w, https:\/\/www.stasiowka.pl\/wp-content\/uploads\/2024\/01\/309269199_439743704916317_732935946288352550_n-150x150.jpg 150w, https:\/\/www.stasiowka.pl\/wp-content\/uploads\/2024\/01\/309269199_439743704916317_732935946288352550_n.jpg 313w\" sizes=\"(max-width: 150px) 100vw, 150px\" \/><\/p>\n<div style=\"text-align: justify;\"><span style=\"color: #000000;\">Powsta\u0142a w pierwszy pi\u0105tek 2 kwietnia 2004 r. Jej za\u0142o\u017cycielem by\u0142 o. Rajmund Matejko OFM. Wyros\u0142a ze Wsp\u00f3lnoty Odnowy w Duchu \u015awi\u0119tym dzia\u0142aj\u0105cej przy Klasztorze OO. Bernardyn\u00f3w w Rzeszowie. Powst<\/span><span style=\"color: #000000; text-align: justify;\">anie W\u017bDKrz jest odpowiedzi\u0105 na objawienie Matki Bo\u017cej Rzeszowskiej z 1513 r., kt\u00f3ra wtedy powiedzia\u0142a: \u201eChc\u0119 na tym miejscu Chwa\u0142\u0119 Syna Mego widzie\u0107 i pociech\u0119 nie\u015b\u0107 utrapionym\u201d. Wnikaj\u0105c w Tajemnic\u0119 Krzy\u017ca naszego Pana Jezusa Chrystusa cz\u0142onkowie W\u017bDKrz stawiaj\u0105 sobie za cel:<\/span><\/div>\n<ul style=\"text-align: justify;\">\n<li>\n<div style=\"text-align: justify;\"><span style=\"color: #000000;\">powi\u0119kszani<\/span><span style=\"color: #000000;\">e chwa\u0142y Bo\u017cej<\/span><\/div>\n<\/li>\n<li style=\"text-align: justify;\">\n<div><span style=\"color: #000000;\">umi\u0142owanie Pana Jezusa Cierpi\u0105cego<\/span><\/div>\n<\/li>\n<li style=\"text-align: justify;\">\n<div><span style=\"color: #000000;\">\u0142\u0105czenie w\u0142asnego krzy\u017ca z M\u0119k\u0105 Zbawiciela<\/span><\/div>\n<\/li>\n<li style=\"text-align: justify;\">\n<div><span style=\"color: #000000;\">nieustann\u0105 \u0142\u0105czno\u015b\u0107 z Maryj\u0105, Matk\u0105 Bolesn\u0105, kt\u00f3ra pozostawa\u0142a u st\u00f3p Krzy\u017ca<\/span><\/div>\n<\/li>\n<li style=\"text-align: justify;\">\n<div><span style=\"color: #000000;\">pog\u0142\u0119bianie pobo\u017cno\u015bci pasyjnej przez codzienne rozwa\u017canie Stacji Drogi Krzy\u017cowej<\/span><\/div>\n<\/li>\n<li style=\"text-align: justify;\">\n<div><span style=\"color: #000000;\">duchow\u0105 \u0142\u0105czno\u015b\u0107 z cz\u0142onkami W\u017bDKrz przez modlitw\u0119<\/span><\/div>\n<\/li>\n<\/ul>\n<p style=\"text-align: justify;\"><span style=\"color: #000000;\">We Wsp\u00f3lnocie \u017bywej Drogi Krzy\u017cowej (na wz\u00f3r \u017bywego R\u00f3\u017ca\u0144ca) powstaj\u0105 14-osobowe grupy Dr\u00f3g Krzy\u017cowych, kt\u00f3re maja swoje nazwy, osob\u0119 odpowiedzialn\u0105 za dan\u0105 Drog\u0119 Krzy\u017cow\u0105, a cz\u0142onkowie rozwa\u017caj\u0105 codziennie wyznaczon\u0105 jedn\u0105 Stacj\u0119 Drogi Krzy\u017cowej.<\/span><\/p>\n<p style=\"text-align: justify;\"><span style=\"color: #000000;\">Wsp\u00f3lnota \u017bywej Drogi Krzy\u017cowej skierowana jest do wszystkich wiernych, kt\u00f3rzy s\u0105 gotowi podj\u0105\u0107 codzienne zobowi\u0105zania modlitewne wynikaj\u0105ce z przynale\u017cno\u015bci do Drogi Krzy\u017cowej.<\/span><br \/>\n<span style=\"color: #000000;\"><strong>W naszej Parafii s\u0105 3 Wsp\u00f3lnoty \u017bywej Drogi Krzy\u017cowej. Wsp\u00f3lnoty te prowadz\u0105 w naszym ko\u015bciele Drog\u0119 Krzy\u017cow\u0105 w ka\u017cdy Pierwszy Pi\u0105tek miesi\u0105ca. Moderatorem W\u017bDK jest pani Maria Kurnyta. Zapraszamy ch\u0119tnych do tworzenia nowych grup.<\/strong><\/span><\/p>\n","protected":false},"excerpt":{"rendered":"<p>Powsta\u0142a w pierwszy pi\u0105tek 2 kwietnia 2004 r. Jej za\u0142o\u017cycielem by\u0142 o. Rajmund Matejko OFM. Wyros\u0142a ze Wsp\u00f3lnoty Odnowy w Duchu \u015awi\u0119tym dzia\u0142aj\u0105cej przy Klasztorze OO. Bernardyn\u00f3w w Rzeszowie. Powstanie W\u017bDKrz jest odpowiedzi\u0105 na objawienie Matki Bo\u017cej Rzeszowskiej z 1513 r., kt\u00f3ra wtedy powiedzia\u0142a: \u201eChc\u0119 na tym miejscu Chwa\u0142\u0119 Syna Mego widzie\u0107 i pociech\u0119 nie\u015b\u0107 &hellip; <\/p>\n<p><a class=\"more-link btn\" href=\"https:\/\/www.stasiowka.pl\/?page_id=38\">Czytaj dalej<\/a><\/p>\n","protected":false},"author":1,"featured_media":0,"parent":0,"menu_order":0,"comment_status":"closed","ping_status":"closed","template":"","meta":{"ngg_post_thumbnail":0,"footnotes":""},"class_list":["post-38","page","type-page","status-publish","hentry","nodate","item-wrap"],"_links":{"self":[{"href":"https:\/\/www.stasiowka.pl\/index.php?rest_route=\/wp\/v2\/pages\/38","targetHints":{"allow":["GET"]}}],"collection":[{"href":"https:\/\/www.stasiowka.pl\/index.php?rest_route=\/wp\/v2\/pages"}],"about":[{"href":"https:\/\/www.stasiowka.pl\/index.php?rest_route=\/wp\/v2\/types\/page"}],"author":[{"embeddable":true,"href":"https:\/\/www.stasiowka.pl\/index.php?rest_route=\/wp\/v2\/users\/1"}],"replies":[{"embeddable":true,"href":"https:\/\/www.stasiowka.pl\/index.php?rest_route=%2Fwp%2Fv2%2Fcomments&post=38"}],"version-history":[{"count":4,"href":"https:\/\/www.stasiowka.pl\/index.php?rest_route=\/wp\/v2\/pages\/38\/revisions"}],"predecessor-version":[{"id":757,"href":"https:\/\/www.stasiowka.pl\/index.php?rest_route=\/wp\/v2\/pages\/38\/revisions\/757"}],"wp:attachment":[{"href":"https:\/\/www.stasiowka.pl\/index.php?rest_route=%2Fwp%2Fv2%2Fmedia&parent=38"}],"curies":[{"name":"wp","href":"https:\/\/api.w.org\/{rel}","templated":true}]}}