{"id":34,"date":"2024-01-18T18:36:24","date_gmt":"2024-01-18T18:36:24","guid":{"rendered":"https:\/\/www.stasiowka.pl\/?page_id=34"},"modified":"2024-01-20T17:08:28","modified_gmt":"2024-01-20T17:08:28","slug":"caritas","status":"publish","type":"page","link":"https:\/\/www.stasiowka.pl\/?page_id=34","title":{"rendered":"CARITAS"},"content":{"rendered":"\t\t<div data-elementor-type=\"wp-page\" data-elementor-id=\"34\" class=\"elementor elementor-34\">\n\t\t\t\t<div class=\"elementor-element elementor-element-2edc1a0 e-flex e-con-boxed e-con e-parent\" data-id=\"2edc1a0\" data-element_type=\"container\" data-e-type=\"container\">\n\t\t\t\t\t<div class=\"e-con-inner\">\n\t\t\t\t<div class=\"elementor-element elementor-element-bbfd872 elementor-widget elementor-widget-text-editor\" data-id=\"bbfd872\" data-element_type=\"widget\" data-e-type=\"widget\" data-widget_type=\"text-editor.default\">\n\t\t\t\t<div class=\"elementor-widget-container\">\n\t\t\t\t\t\t\t\t\t<div style=\"text-align: justify;\"><span style=\"color: #003300;\">Caritas Diecezji Tarnowskiej jest ko\u015bcieln\u0105 organizacj\u0105 charytatywn\u0105. Niesie pomoc ubogim, chorym, niepe\u0142nosprawnym, dotkni\u0119tym przez sytuacje losowe. Dzi\u0119ki hojno\u015bci naszych Darczy\u0144c\u00f3w mo\u017cemy pomaga\u0107 tym, kt\u00f3rzy zwracaj\u0105 si\u0119 do nas z pro\u015bb\u0105 o pomoc.<\/span><\/div><div style=\"text-align: justify;\"><span style=\"color: #003300;\">Nasz\u0105 dzia\u0142alno\u015b\u0107 mo\u017cne wesprze\u0107 przez:<\/span><\/div><div><ol style=\"text-align: justify;\"><li><span style=\"color: #003300;\"><strong>Wp\u0142aty na konto:<\/strong><\/span><\/li><\/ol><\/div><div style=\"text-align: justify;\"><span style=\"color: #003300;\"><strong>71 1020 4955 0000 7302 0097 4683<\/strong><strong>\u00a0<\/strong><\/span><\/div><div style=\"text-align: justify;\"><span style=\"color: #003300;\">z adnotacj\u0105 w tytule przelewu na co \u015brodki maj\u0105 by\u0107 przeznaczone<\/span><br \/><span style=\"color: #003300;\"><em>(np. Wigilijne Dzie\u0142o Pomocy Dzieciom, Wielkanocne Dzie\u0142o Caritas, Chleb za Chleb, Wakacyjna akcja Caritas, Program Gniazdo, Program Skrzyd\u0142a, pomoc indywidualnej osobie \u2013 imi\u0119 i nazwisko)<\/em><\/span><\/div><div><ol style=\"text-align: justify;\" start=\"2\"><li><span style=\"color: #003300;\"><strong>Przekazanie 1,5% nale\u017cnego podatku<\/strong><\/span><\/li><\/ol><\/div><div style=\"text-align: justify;\"><span style=\"color: #003300;\"><strong>KRS 0000211791\u00a0<\/strong>(<a style=\"color: #003300;\" href=\"https:\/\/caritas.diecezja.tarnow.pl\/index.php\/pl\/15-podatku\">Program do rozliczenia 1,5%<\/a>)<strong>\u00a0<\/strong><\/span><\/div><div><ol style=\"text-align: justify;\" start=\"3\"><li><span style=\"color: #003300;\"><strong>Darowizny rzeczowe, zapis maj\u0105tkowy i testamentowy<\/strong><\/span><\/li><\/ol><\/div><div style=\"text-align: justify;\"><span style=\"color: #003300;\">Kontakt z biurem Caritas \u2013 tel. 14\/ 631 73 20<\/span><br \/><span style=\"color: #003300;\"><em>(poniedzia\u0142ek \u2013 pi\u0105tek w godz. 9.00-12.00 oraz 13.00-15.00)<\/em><\/span><\/div>\t\t\t\t\t\t\t\t<\/div>\n\t\t\t\t<\/div>\n\t\t\t\t\t<\/div>\n\t\t\t\t<\/div>\n\t\t<div class=\"elementor-element elementor-element-7112248 e-flex e-con-boxed e-con e-parent\" data-id=\"7112248\" data-element_type=\"container\" data-e-type=\"container\">\n\t\t\t\t\t<div class=\"e-con-inner\">\n\t\t<div class=\"elementor-element elementor-element-da3b97a e-con-full e-flex e-con e-child\" data-id=\"da3b97a\" data-element_type=\"container\" data-e-type=\"container\">\n\t\t\t\t<div class=\"elementor-element elementor-element-d99f0f2 elementor-widget elementor-widget-image\" data-id=\"d99f0f2\" data-element_type=\"widget\" data-e-type=\"widget\" data-widget_type=\"image.default\">\n\t\t\t\t<div class=\"elementor-widget-container\">\n\t\t\t\t\t\t\t\t\t\t\t\t\t\t\t<img fetchpriority=\"high\" decoding=\"async\" width=\"666\" height=\"800\" src=\"https:\/\/www.stasiowka.pl\/wp-content\/uploads\/2024\/01\/105700.jpg\" class=\"attachment-large size-large wp-image-740\" alt=\"\" srcset=\"https:\/\/www.stasiowka.pl\/wp-content\/uploads\/2024\/01\/105700.jpg 666w, https:\/\/www.stasiowka.pl\/wp-content\/uploads\/2024\/01\/105700-250x300.jpg 250w\" sizes=\"(max-width: 666px) 100vw, 666px\" \/>\t\t\t\t\t\t\t\t\t\t\t\t\t\t\t<\/div>\n\t\t\t\t<\/div>\n\t\t\t\t<\/div>\n\t\t<div class=\"elementor-element elementor-element-9234407 e-con-full e-flex e-con e-child\" data-id=\"9234407\" data-element_type=\"container\" data-e-type=\"container\">\n\t\t\t\t<div class=\"elementor-element elementor-element-807be80 elementor-widget elementor-widget-text-editor\" data-id=\"807be80\" data-element_type=\"widget\" data-e-type=\"widget\" data-widget_type=\"text-editor.default\">\n\t\t\t\t<div class=\"elementor-widget-container\">\n\t\t\t\t\t\t\t\t\t<p style=\"text-align: center;\"><span style=\"color: #000000;\"><strong>Oddzia\u0142 Caritas przy Parafii \u00a0\u015aw. Ap. Piotra i Paw\u0142a<\/strong><\/span><br \/><span style=\"color: #000000;\"><strong>w Stasi\u00f3wce<\/strong><\/span><\/p><p style=\"text-align: center;\"><span style=\"color: #000000;\"><strong>ZARZ\u0104D<\/strong><\/span><br \/><span style=\"color: #000000;\"><strong>Przewodnicz\u0105cy: Ks. Henryk Ko\u0142odziej \u2013 proboszcz<\/strong><\/span><br \/><span style=\"color: #000000;\"><strong>Zast\u0119pca \u2013 Zofia Siop<\/strong><\/span><\/p><p style=\"text-align: center;\"><span style=\"color: #000000;\"><strong>Parafialny Odzia\u0142 Caritas liczy 9 os\u00f3b.<\/strong><\/span><\/p>\t\t\t\t\t\t\t\t<\/div>\n\t\t\t\t<\/div>\n\t\t\t\t<\/div>\n\t\t\t\t\t<\/div>\n\t\t\t\t<\/div>\n\t\t\t\t<\/div>\n\t\t","protected":false},"excerpt":{"rendered":"<p>Caritas Diecezji Tarnowskiej jest ko\u015bcieln\u0105 organizacj\u0105 charytatywn\u0105. Niesie pomoc ubogim, chorym, niepe\u0142nosprawnym, dotkni\u0119tym przez sytuacje losowe. Dzi\u0119ki hojno\u015bci naszych Darczy\u0144c\u00f3w mo\u017cemy pomaga\u0107 tym, kt\u00f3rzy zwracaj\u0105 si\u0119 do nas z pro\u015bb\u0105 o pomoc.Nasz\u0105 dzia\u0142alno\u015b\u0107 mo\u017cne wesprze\u0107 przez: Wp\u0142aty na konto: 71 1020 4955 0000 7302 0097 4683\u00a0z adnotacj\u0105 w tytule przelewu na co \u015brodki maj\u0105 by\u0107 &hellip; <\/p>\n<p><a class=\"more-link btn\" href=\"https:\/\/www.stasiowka.pl\/?page_id=34\">Czytaj dalej<\/a><\/p>\n","protected":false},"author":1,"featured_media":0,"parent":0,"menu_order":0,"comment_status":"closed","ping_status":"closed","template":"","meta":{"ngg_post_thumbnail":0,"footnotes":""},"class_list":["post-34","page","type-page","status-publish","hentry","nodate","item-wrap"],"_links":{"self":[{"href":"https:\/\/www.stasiowka.pl\/index.php?rest_route=\/wp\/v2\/pages\/34","targetHints":{"allow":["GET"]}}],"collection":[{"href":"https:\/\/www.stasiowka.pl\/index.php?rest_route=\/wp\/v2\/pages"}],"about":[{"href":"https:\/\/www.stasiowka.pl\/index.php?rest_route=\/wp\/v2\/types\/page"}],"author":[{"embeddable":true,"href":"https:\/\/www.stasiowka.pl\/index.php?rest_route=\/wp\/v2\/users\/1"}],"replies":[{"embeddable":true,"href":"https:\/\/www.stasiowka.pl\/index.php?rest_route=%2Fwp%2Fv2%2Fcomments&post=34"}],"version-history":[{"count":8,"href":"https:\/\/www.stasiowka.pl\/index.php?rest_route=\/wp\/v2\/pages\/34\/revisions"}],"predecessor-version":[{"id":772,"href":"https:\/\/www.stasiowka.pl\/index.php?rest_route=\/wp\/v2\/pages\/34\/revisions\/772"}],"wp:attachment":[{"href":"https:\/\/www.stasiowka.pl\/index.php?rest_route=%2Fwp%2Fv2%2Fmedia&parent=34"}],"curies":[{"name":"wp","href":"https:\/\/api.w.org\/{rel}","templated":true}]}}