{"id":20,"date":"2024-01-18T18:35:14","date_gmt":"2024-01-18T18:35:14","guid":{"rendered":"https:\/\/www.stasiowka.pl\/?page_id=20"},"modified":"2024-10-25T16:26:11","modified_gmt":"2024-10-25T16:26:11","slug":"historia-parafii","status":"publish","type":"page","link":"https:\/\/www.stasiowka.pl\/?page_id=20","title":{"rendered":"HISTORIA PARAFII"},"content":{"rendered":"\t\t<div data-elementor-type=\"wp-page\" data-elementor-id=\"20\" class=\"elementor elementor-20\">\n\t\t\t\t<div class=\"elementor-element elementor-element-4ee7883 e-flex e-con-boxed e-con e-parent\" data-id=\"4ee7883\" data-element_type=\"container\" data-e-type=\"container\">\n\t\t\t\t\t<div class=\"e-con-inner\">\n\t\t\t\t<div class=\"elementor-element elementor-element-8af0840 elementor-widget elementor-widget-text-editor\" data-id=\"8af0840\" data-element_type=\"widget\" data-e-type=\"widget\" data-widget_type=\"text-editor.default\">\n\t\t\t\t<div class=\"elementor-widget-container\">\n\t\t\t\t\t\t\t\t\t<div style=\"text-align: justify;\"><strong><span style=\"color: #000000;\">Stasi\u00f3wka to malownicza miejscowo\u015b\u0107 po\u0142o\u017cona na po\u0142udnie od D\u0119bicy, dekanat D\u0119bica &#8211; Wsch\u00f3d, diecezja tarnowska. Patronami parafii s\u0105 Aposto\u0142owie \u015aw. Piotr i Pawe\u0142.<\/span><\/strong><br \/><span style=\"color: #000000;\">W aktach Archiwum Kurii Biskupiej w Tarnowie 1758 r. czytamy informacj\u0119, \u017ce \u201ew Stasi\u00f3wce istnia\u0142 drewniany ko\u015bci\u00f3\u0142ek pod wezwaniem \u015bw. Anny, utrzymywany przez wiernych tej\u017ce wsi\u201d. Wynika z tego, \u017ce ko\u015bci\u00f3\u0142ek ten zosta\u0142 wzniesiony przed 1758 rokiem. Jako \u017ce miejscowo\u015b\u0107 ta nale\u017ca\u0142a do parafii w Gumniskach; zapewne ksi\u0119\u017ca z Gumnisk obs\u0142ugiwali istniej\u0105c\u0105 \u015bwi\u0105tyni\u0119. Wizytacje z 1781 roku podaj\u0105, \u017ce \u201ew ko\u015bci\u00f3\u0142ku znajduj\u0105cym si\u0119 w miejscowo\u015bci Stasi\u00f3wka odprawiaj\u0105 si\u0119 nabo\u017ce\u0144stwa&#8221;.<\/span><\/div><div style=\"text-align: justify;\"><em><span style=\"color: #000000;\">\/Archiwum Kurii Biskupiej w Tarnowie Acta Visitationis, 1758 rok, 1781 rok\/<\/span><\/em><\/div>\t\t\t\t\t\t\t\t<\/div>\n\t\t\t\t<\/div>\n\t\t\t\t\t<\/div>\n\t\t\t\t<\/div>\n\t\t<div class=\"elementor-element elementor-element-b38de9b e-flex e-con-boxed e-con e-parent\" data-id=\"b38de9b\" data-element_type=\"container\" data-e-type=\"container\">\n\t\t\t\t\t<div class=\"e-con-inner\">\n\t\t\t\t<div class=\"elementor-element elementor-element-676379e elementor-widget elementor-widget-image\" data-id=\"676379e\" data-element_type=\"widget\" data-e-type=\"widget\" data-widget_type=\"image.default\">\n\t\t\t\t<div class=\"elementor-widget-container\">\n\t\t\t\t\t\t\t\t\t\t\t\t<figure class=\"wp-caption\">\n\t\t\t\t\t\t\t\t\t\t\t<a href=\"https:\/\/www.stasiowka.pl\/wp-content\/uploads\/2024\/01\/obraz_2024-01-19_195606000.png\" data-elementor-open-lightbox=\"yes\" data-elementor-lightbox-title=\"obraz_2024-01-19_195606000\" data-e-action-hash=\"#elementor-action%3Aaction%3Dlightbox%26settings%3DeyJpZCI6NzA1LCJ1cmwiOiJodHRwczpcL1wvd3d3LnN0YXNpb3drYS5wbFwvd3AtY29udGVudFwvdXBsb2Fkc1wvMjAyNFwvMDFcL29icmF6XzIwMjQtMDEtMTlfMTk1NjA2MDAwLnBuZyJ9\">\n\t\t\t\t\t\t\t<img fetchpriority=\"high\" decoding=\"async\" width=\"847\" height=\"361\" src=\"https:\/\/www.stasiowka.pl\/wp-content\/uploads\/2024\/01\/obraz_2024-01-19_195606000-1024x436.png\" class=\"attachment-large size-large wp-image-705\" alt=\"\" srcset=\"https:\/\/www.stasiowka.pl\/wp-content\/uploads\/2024\/01\/obraz_2024-01-19_195606000-1024x436.png 1024w, https:\/\/www.stasiowka.pl\/wp-content\/uploads\/2024\/01\/obraz_2024-01-19_195606000-300x128.png 300w, https:\/\/www.stasiowka.pl\/wp-content\/uploads\/2024\/01\/obraz_2024-01-19_195606000-768x327.png 768w, https:\/\/www.stasiowka.pl\/wp-content\/uploads\/2024\/01\/obraz_2024-01-19_195606000-1536x654.png 1536w, https:\/\/www.stasiowka.pl\/wp-content\/uploads\/2024\/01\/obraz_2024-01-19_195606000-847x360.png 847w, https:\/\/www.stasiowka.pl\/wp-content\/uploads\/2024\/01\/obraz_2024-01-19_195606000.png 1687w\" sizes=\"(max-width: 847px) 100vw, 847px\" \/>\t\t\t\t\t\t\t\t<\/a>\n\t\t\t\t\t\t\t\t\t\t\t<figcaption class=\"widget-image-caption wp-caption-text\">Foto: Andrzej Trzeciak<\/figcaption>\n\t\t\t\t\t\t\t\t\t\t<\/figure>\n\t\t\t\t\t\t\t\t\t<\/div>\n\t\t\t\t<\/div>\n\t\t\t\t\t<\/div>\n\t\t\t\t<\/div>\n\t\t<div class=\"elementor-element elementor-element-dd1492f e-flex e-con-boxed e-con e-parent\" data-id=\"dd1492f\" data-element_type=\"container\" data-e-type=\"container\">\n\t\t\t\t\t<div class=\"e-con-inner\">\n\t\t\t\t<div class=\"elementor-element elementor-element-a4bf3f3 elementor-widget elementor-widget-text-editor\" data-id=\"a4bf3f3\" data-element_type=\"widget\" data-e-type=\"widget\" data-widget_type=\"text-editor.default\">\n\t\t\t\t<div class=\"elementor-widget-container\">\n\t\t\t\t\t\t\t\t\t<div style=\"text-align: justify;\"><span style=\"color: #000000;\">Ko\u015bci\u00f3\u0142 pw. \u015bw. Anny prawdopodobnie sp\u0142on\u0105\u0142, gdzie\u015b w XIX wieku, a miejscowa ludno\u015b\u0107 zaniedba\u0142a odbudow\u0119 nowego. Dnia 31 lipca 1791 roku biskup Florian Janowski erygowa\u0142 parafi\u0119 w Zawadzie. Na mocy dokumentu biskupa, Stasi\u00f3wka zosta\u0142a przy\u0142\u0105czona do parafii w Zawadzie.<\/span><br \/><span style=\"color: #000000;\">Dnia 18 czerwca 1971 roku ksi\u0105dz biskup Jerzy Ablewicz przes\u0142a\u0142 ksi\u0119dzu Edwardowi Mucha wikariuszowi w Mielcu pismo, w kt\u00f3rym czytamy: \u201emianuj\u0119 Ksi\u0119dza wikariuszem eksponowanym w Stasi\u00f3wce z dniem 1 lipca br. Przys\u0142ugiwa\u0107 Ksi\u0119dzu b\u0119d\u0105 na terenie Stasi\u00f3wki wszystkie uprawnienia i obowi\u0105zki przewidziane powszechnym i diecezjalnym prawem ko\u015bcielnym dla wikariusza eksponowanego, wraz z prawem b\u0142ogos\u0142awienia ma\u0142\u017ce\u0144stw i prowadzenia ksi\u0105g parafialnych.<\/span><br \/><span style=\"color: #000000;\">\u201e\u017bycz\u0119 Drogiemu Ksi\u0119dzu obfitych \u0142ask Bo\u017cych w wykonywaniu zleconych Mu obowi\u0105zk\u00f3w i udzielam z serca pasterskiego b\u0142ogos\u0142awie\u0144stwa&#8221;.<\/span><\/div><div style=\"text-align: justify;\"><span style=\"color: #000000;\"><em>\/18. VI. 1971 r. \u00a0 PM-72\/71\/ \/LS. XLIV-\u0142\/1\/71\/<\/em><\/span><\/div>\t\t\t\t\t\t\t\t<\/div>\n\t\t\t\t<\/div>\n\t\t\t\t\t<\/div>\n\t\t\t\t<\/div>\n\t\t<div class=\"elementor-element elementor-element-5865a67 e-flex e-con-boxed e-con e-parent\" data-id=\"5865a67\" data-element_type=\"container\" data-e-type=\"container\">\n\t\t\t\t\t<div class=\"e-con-inner\">\n\t\t\t\t<div class=\"elementor-element elementor-element-b22cf6c elementor-widget elementor-widget-image\" data-id=\"b22cf6c\" data-element_type=\"widget\" data-e-type=\"widget\" data-widget_type=\"image.default\">\n\t\t\t\t<div class=\"elementor-widget-container\">\n\t\t\t\t\t\t\t\t\t\t\t\t<figure class=\"wp-caption\">\n\t\t\t\t\t\t\t\t\t\t\t<a href=\"https:\/\/www.stasiowka.pl\/wp-content\/uploads\/2024\/01\/419275075_7163003347081165_8477779883614961725_n.jpg\" data-elementor-open-lightbox=\"yes\" data-elementor-lightbox-title=\"419275075_7163003347081165_8477779883614961725_n\" data-e-action-hash=\"#elementor-action%3Aaction%3Dlightbox%26settings%3DeyJpZCI6NzE0LCJ1cmwiOiJodHRwczpcL1wvd3d3LnN0YXNpb3drYS5wbFwvd3AtY29udGVudFwvdXBsb2Fkc1wvMjAyNFwvMDFcLzQxOTI3NTA3NV83MTYzMDAzMzQ3MDgxMTY1Xzg0Nzc3Nzk4ODM2MTQ5NjE3MjVfbi5qcGcifQ%3D%3D\">\n\t\t\t\t\t\t\t<img decoding=\"async\" src=\"https:\/\/www.stasiowka.pl\/wp-content\/uploads\/elementor\/thumbs\/419275075_7163003347081165_8477779883614961725_n-r34rwxy8jcz5bqv43j7agrg4cum0uh60yze0qpqo4m.jpg\" title=\"419275075_7163003347081165_8477779883614961725_n\" alt=\"419275075_7163003347081165_8477779883614961725_n\" loading=\"lazy\" \/>\t\t\t\t\t\t\t\t<\/a>\n\t\t\t\t\t\t\t\t\t\t\t<figcaption class=\"widget-image-caption wp-caption-text\">Foto: Andrzej Trzeciak<\/figcaption>\n\t\t\t\t\t\t\t\t\t\t<\/figure>\n\t\t\t\t\t\t\t\t\t<\/div>\n\t\t\t\t<\/div>\n\t\t\t\t\t<\/div>\n\t\t\t\t<\/div>\n\t\t<div class=\"elementor-element elementor-element-55762ab e-flex e-con-boxed e-con e-parent\" data-id=\"55762ab\" data-element_type=\"container\" data-e-type=\"container\">\n\t\t\t\t\t<div class=\"e-con-inner\">\n\t\t\t\t<div class=\"elementor-element elementor-element-b019a3a elementor-widget elementor-widget-text-editor\" data-id=\"b019a3a\" data-element_type=\"widget\" data-e-type=\"widget\" data-widget_type=\"text-editor.default\">\n\t\t\t\t<div class=\"elementor-widget-container\">\n\t\t\t\t\t\t\t\t\t<p style=\"text-align: justify;\"><span style=\"color: #000000;\">Dnia 11 lutego 1980 roku Ksi\u0105dz Kanonik Edward Mucha zostaje mianowany proboszczem parafii Stasi\u00f3wka. W nades\u0142anym pi\u015bmie czytamy:<\/span><br \/><span style=\"color: #000000;\">\u201eKsi\u0119dzu Proboszczowi powierzam trosk\u0119 o zbawienie dusz wszystkich wiernych parafii Stasi\u00f3wka oraz administracj\u0119 tej\u017ce parafii w sprawach duchowych i materialnych (\u2026) \u017bycz\u0119 drogiemu ksi\u0119dzu kanonikowi obfitych \u0142ask Bo\u017cych w wykonywaniu zleconych mu obowi\u0105zk\u00f3w i udzielam z serca pasterskiego b\u0142ogos\u0142awie\u0144stwa&#8221;.<\/span><br \/><span style=\"color: #000000;\">ks. Biskup Jerzy Ablewicz<\/span><br \/><span style=\"color: #000000;\"><em>\/PM \u2013 72\/5\/80\/ Nr: LS XLIV \u2013 1\/30\/80\/<\/em><\/span><\/p><p style=\"text-align: justify;\"><span style=\"color: #000000;\">Nim jednak ks. Edward Mucha zosta\u0142 skierowany do Stasi\u00f3wki istnia\u0142 ju\u017c dom &#8211; kaplica, w kt\u00f3rym ksi\u0119\u017ca z Zawady odprawiali Msz\u0119 \u015bw. i uczyli religii. Po przybyciu ks. Edwarda Muchy podj\u0119to starania o rozbudow\u0119 istniej\u0105cego domu &#8211; kaplicy a tak\u017ce przygotowanie mieszkania dla ksi\u0119dza. Poniewa\u017c \u00f3wczesne w\u0142adze nie udziela\u0142y pozwolenia na rozbudow\u0119 istniej\u0105cej kaplicy wiele prac wykonano bez stosownego pozwolenia. Wskutek czego ks. Edward Mucha by\u0142 parokrotnie s\u0105dzony (skazany na p\u00f3\u0142 roku pozbawienia wolno\u015bci w zawieszeniu na 5 lat) i karany grzywn\u0105. Te liczne trudno\u015bci nie zniech\u0119ci\u0142y ani ksi\u0119dza ani mieszka\u0144c\u00f3w Stasi\u00f3wki w przygotowaniu kaplicy. Dnia 12 kwietnia 1973 r. bp Jerzy Ablewicz po\u015bwi\u0119ci\u0142 rozbudowan\u0105 kaplic\u0119.<\/span><\/p><p style=\"text-align: justify;\"><span style=\"color: #000000;\">Z czasem okaza\u0142o si\u0119, \u017ce istniej\u0105ca kaplica jest zbyt ma\u0142a a jej konstrukcja niestabilna i dlatego podj\u0119to starania o wybudowanie ko\u015bcio\u0142a, kt\u00f3ry mia\u0142 by\u0107 usytuowany w s\u0105siedztwie istniej\u0105cej kaplicy. Wielkim wysi\u0142kiem proboszcza ks. Edwarda Muchy wybudowano ko\u015bci\u00f3\u0142 i plebani\u0119 .<\/span><\/p>\t\t\t\t\t\t\t\t<\/div>\n\t\t\t\t<\/div>\n\t\t\t\t\t<\/div>\n\t\t\t\t<\/div>\n\t\t<div class=\"elementor-element elementor-element-b0a5702 e-flex e-con-boxed e-con e-parent\" data-id=\"b0a5702\" data-element_type=\"container\" data-e-type=\"container\">\n\t\t\t\t\t<div class=\"e-con-inner\">\n\t\t<div class=\"elementor-element elementor-element-d1fe1b6 e-con-full e-flex e-con e-child\" data-id=\"d1fe1b6\" data-element_type=\"container\" data-e-type=\"container\">\n\t\t\t\t<div class=\"elementor-element elementor-element-709524f elementor-widget elementor-widget-image\" data-id=\"709524f\" data-element_type=\"widget\" data-e-type=\"widget\" data-widget_type=\"image.default\">\n\t\t\t\t<div class=\"elementor-widget-container\">\n\t\t\t\t\t\t\t\t\t\t\t\t\t\t\t\t<a href=\"https:\/\/www.stasiowka.pl\/wp-content\/uploads\/2024\/01\/Poswecenie_03.jpeg\" data-elementor-open-lightbox=\"yes\" data-elementor-lightbox-title=\"Po\u015bw\u0119cenie_03\" data-e-action-hash=\"#elementor-action%3Aaction%3Dlightbox%26settings%3DeyJpZCI6NzA4LCJ1cmwiOiJodHRwczpcL1wvd3d3LnN0YXNpb3drYS5wbFwvd3AtY29udGVudFwvdXBsb2Fkc1wvMjAyNFwvMDFcL1Bvc3dlY2VuaWVfMDMuanBlZyJ9\">\n\t\t\t\t\t\t\t<img decoding=\"async\" width=\"847\" height=\"626\" src=\"https:\/\/www.stasiowka.pl\/wp-content\/uploads\/2024\/01\/Poswecenie_03-1024x757.jpeg\" class=\"attachment-large size-large wp-image-708\" alt=\"\" srcset=\"https:\/\/www.stasiowka.pl\/wp-content\/uploads\/2024\/01\/Poswecenie_03-1024x757.jpeg 1024w, https:\/\/www.stasiowka.pl\/wp-content\/uploads\/2024\/01\/Poswecenie_03-300x222.jpeg 300w, https:\/\/www.stasiowka.pl\/wp-content\/uploads\/2024\/01\/Poswecenie_03-768x568.jpeg 768w, https:\/\/www.stasiowka.pl\/wp-content\/uploads\/2024\/01\/Poswecenie_03-1536x1136.jpeg 1536w, https:\/\/www.stasiowka.pl\/wp-content\/uploads\/2024\/01\/Poswecenie_03-847x626.jpeg 847w, https:\/\/www.stasiowka.pl\/wp-content\/uploads\/2024\/01\/Poswecenie_03.jpeg 2047w\" sizes=\"(max-width: 847px) 100vw, 847px\" \/>\t\t\t\t\t\t\t\t<\/a>\n\t\t\t\t\t\t\t\t\t\t\t\t\t\t\t<\/div>\n\t\t\t\t<\/div>\n\t\t\t\t<\/div>\n\t\t<div class=\"elementor-element elementor-element-03e940c e-con-full e-flex e-con e-child\" data-id=\"03e940c\" data-element_type=\"container\" data-e-type=\"container\">\n\t\t\t\t<div class=\"elementor-element elementor-element-af64558 elementor-widget elementor-widget-image\" data-id=\"af64558\" data-element_type=\"widget\" data-e-type=\"widget\" data-widget_type=\"image.default\">\n\t\t\t\t<div class=\"elementor-widget-container\">\n\t\t\t\t\t\t\t\t\t\t\t\t\t\t\t\t<a href=\"https:\/\/www.stasiowka.pl\/wp-content\/uploads\/2024\/01\/Poswecenie_01.jpeg\" data-elementor-open-lightbox=\"yes\" data-elementor-lightbox-title=\"Po\u015bw\u0119cenie_01\" data-e-action-hash=\"#elementor-action%3Aaction%3Dlightbox%26settings%3DeyJpZCI6NzA2LCJ1cmwiOiJodHRwczpcL1wvd3d3LnN0YXNpb3drYS5wbFwvd3AtY29udGVudFwvdXBsb2Fkc1wvMjAyNFwvMDFcL1Bvc3dlY2VuaWVfMDEuanBlZyJ9\">\n\t\t\t\t\t\t\t<img decoding=\"async\" width=\"847\" height=\"620\" src=\"https:\/\/www.stasiowka.pl\/wp-content\/uploads\/2024\/01\/Poswecenie_01-1024x750.jpeg\" class=\"attachment-large size-large wp-image-706\" alt=\"\" srcset=\"https:\/\/www.stasiowka.pl\/wp-content\/uploads\/2024\/01\/Poswecenie_01-1024x750.jpeg 1024w, https:\/\/www.stasiowka.pl\/wp-content\/uploads\/2024\/01\/Poswecenie_01-300x220.jpeg 300w, https:\/\/www.stasiowka.pl\/wp-content\/uploads\/2024\/01\/Poswecenie_01-768x562.jpeg 768w, https:\/\/www.stasiowka.pl\/wp-content\/uploads\/2024\/01\/Poswecenie_01-1536x1125.jpeg 1536w, https:\/\/www.stasiowka.pl\/wp-content\/uploads\/2024\/01\/Poswecenie_01-847x620.jpeg 847w, https:\/\/www.stasiowka.pl\/wp-content\/uploads\/2024\/01\/Poswecenie_01.jpeg 2033w\" sizes=\"(max-width: 847px) 100vw, 847px\" \/>\t\t\t\t\t\t\t\t<\/a>\n\t\t\t\t\t\t\t\t\t\t\t\t\t\t\t<\/div>\n\t\t\t\t<\/div>\n\t\t\t\t<\/div>\n\t\t<div class=\"elementor-element elementor-element-2a795bf e-con-full e-flex e-con e-child\" data-id=\"2a795bf\" data-element_type=\"container\" data-e-type=\"container\">\n\t\t\t\t<div class=\"elementor-element elementor-element-8d59d58 elementor-widget elementor-widget-image\" data-id=\"8d59d58\" data-element_type=\"widget\" data-e-type=\"widget\" data-widget_type=\"image.default\">\n\t\t\t\t<div class=\"elementor-widget-container\">\n\t\t\t\t\t\t\t\t\t\t\t\t\t\t\t\t<a href=\"https:\/\/www.stasiowka.pl\/wp-content\/uploads\/2024\/01\/Poswecenie_02.jpeg\" data-elementor-open-lightbox=\"yes\" data-elementor-lightbox-title=\"Po\u015bw\u0119cenie_02.\" data-e-action-hash=\"#elementor-action%3Aaction%3Dlightbox%26settings%3DeyJpZCI6NzA3LCJ1cmwiOiJodHRwczpcL1wvd3d3LnN0YXNpb3drYS5wbFwvd3AtY29udGVudFwvdXBsb2Fkc1wvMjAyNFwvMDFcL1Bvc3dlY2VuaWVfMDIuanBlZyJ9\">\n\t\t\t\t\t\t\t<img loading=\"lazy\" decoding=\"async\" width=\"847\" height=\"617\" src=\"https:\/\/www.stasiowka.pl\/wp-content\/uploads\/2024\/01\/Poswecenie_02-1024x746.jpeg\" class=\"attachment-large size-large wp-image-707\" alt=\"\" srcset=\"https:\/\/www.stasiowka.pl\/wp-content\/uploads\/2024\/01\/Poswecenie_02-1024x746.jpeg 1024w, https:\/\/www.stasiowka.pl\/wp-content\/uploads\/2024\/01\/Poswecenie_02-300x219.jpeg 300w, https:\/\/www.stasiowka.pl\/wp-content\/uploads\/2024\/01\/Poswecenie_02-768x560.jpeg 768w, https:\/\/www.stasiowka.pl\/wp-content\/uploads\/2024\/01\/Poswecenie_02-1536x1119.jpeg 1536w, https:\/\/www.stasiowka.pl\/wp-content\/uploads\/2024\/01\/Poswecenie_02-2048x1492.jpeg 2048w, https:\/\/www.stasiowka.pl\/wp-content\/uploads\/2024\/01\/Poswecenie_02-847x617.jpeg 847w\" sizes=\"(max-width: 847px) 100vw, 847px\" \/>\t\t\t\t\t\t\t\t<\/a>\n\t\t\t\t\t\t\t\t\t\t\t\t\t\t\t<\/div>\n\t\t\t\t<\/div>\n\t\t\t\t<\/div>\n\t\t\t\t\t<\/div>\n\t\t\t\t<\/div>\n\t\t<div class=\"elementor-element elementor-element-74a44680 e-flex e-con-boxed e-con e-parent\" data-id=\"74a44680\" data-element_type=\"container\" data-e-type=\"container\">\n\t\t\t\t\t<div class=\"e-con-inner\">\n\t\t\t\t<div class=\"elementor-element elementor-element-48991b44 elementor-widget elementor-widget-text-editor\" data-id=\"48991b44\" data-element_type=\"widget\" data-e-type=\"widget\" data-widget_type=\"text-editor.default\">\n\t\t\t\t<div class=\"elementor-widget-container\">\n\t\t\t\t\t\t\t\t\t<p style=\"text-align: justify;\"><span style=\"color: #000000;\">Obecny ko\u015bci\u00f3\u0142 parafialny wybudowano w latach 1981-1988 zgodnie z projektem opracowanym przez Zbigniewa Zjawina i Zenona Piotrowskiego. Wmurowania kamienia w\u0119gielnego z grobu \u015bw. Piotra z Rzymu (po\u015bwi\u0119conego przez ojca \u015bw. Jana Paw\u0142a II dnia 27 kwietnia 1982 r.) dokona\u0142 3 pa\u017adziernika 1982 r. abp Jerzy Ablewicz \u2013 ordynariusz tarnowski. Po\u015bwiecono ko\u015bci\u00f3\u0142 dolny 3 kwietnia 1988 r. pod przewodnictwem bp. W\u0142adys\u0142awa Bobowskiego a konsekracji dokona\u0142 29 kwietnia 1991 r. abp J\u00f3zef \u017byci\u0144ski &#8211; ordynariusz tarnowski<\/span><br \/><span style=\"color: #000000;\">W parafii istnieje cmentarz wraz z kaplic\u0105 wed\u0142ug projektu opracowanego przez Zdzis\u0142awa Krajewskiego. Po\u015bwi\u0119cenia cmentarza dokona\u0142 bp W\u0142adys\u0142aw Bobowski 4 czerwca 1977 r.<\/span><\/p>\t\t\t\t\t\t\t\t<\/div>\n\t\t\t\t<\/div>\n\t\t\t\t\t<\/div>\n\t\t\t\t<\/div>\n\t\t<div class=\"elementor-element elementor-element-b9490a7 e-flex e-con-boxed e-con e-parent\" data-id=\"b9490a7\" data-element_type=\"container\" data-e-type=\"container\">\n\t\t\t\t\t<div class=\"e-con-inner\">\n\t\t<div class=\"elementor-element elementor-element-1ca73ad e-con-full e-flex e-con e-child\" data-id=\"1ca73ad\" data-element_type=\"container\" data-e-type=\"container\">\n\t\t\t\t<div class=\"elementor-element elementor-element-511b816 elementor-widget elementor-widget-image\" data-id=\"511b816\" data-element_type=\"widget\" data-e-type=\"widget\" data-widget_type=\"image.default\">\n\t\t\t\t<div class=\"elementor-widget-container\">\n\t\t\t\t\t\t\t\t\t\t\t\t\t\t\t\t<a href=\"https:\/\/www.stasiowka.pl\/wp-content\/uploads\/2024\/01\/KAPLICA-01.jpeg\" data-elementor-open-lightbox=\"yes\" data-elementor-lightbox-title=\"KAPLICA 01\" data-e-action-hash=\"#elementor-action%3Aaction%3Dlightbox%26settings%3DeyJpZCI6NzA5LCJ1cmwiOiJodHRwczpcL1wvd3d3LnN0YXNpb3drYS5wbFwvd3AtY29udGVudFwvdXBsb2Fkc1wvMjAyNFwvMDFcL0tBUExJQ0EtMDEuanBlZyJ9\">\n\t\t\t\t\t\t\t<img loading=\"lazy\" decoding=\"async\" width=\"192\" height=\"300\" src=\"https:\/\/www.stasiowka.pl\/wp-content\/uploads\/2024\/01\/KAPLICA-01-192x300.jpeg\" class=\"attachment-medium size-medium wp-image-709\" alt=\"\" srcset=\"https:\/\/www.stasiowka.pl\/wp-content\/uploads\/2024\/01\/KAPLICA-01-192x300.jpeg 192w, https:\/\/www.stasiowka.pl\/wp-content\/uploads\/2024\/01\/KAPLICA-01-654x1024.jpeg 654w, https:\/\/www.stasiowka.pl\/wp-content\/uploads\/2024\/01\/KAPLICA-01-768x1202.jpeg 768w, https:\/\/www.stasiowka.pl\/wp-content\/uploads\/2024\/01\/KAPLICA-01-981x1536.jpeg 981w, https:\/\/www.stasiowka.pl\/wp-content\/uploads\/2024\/01\/KAPLICA-01-847x1326.jpeg 847w, https:\/\/www.stasiowka.pl\/wp-content\/uploads\/2024\/01\/KAPLICA-01.jpeg 1036w\" sizes=\"(max-width: 192px) 100vw, 192px\" \/>\t\t\t\t\t\t\t\t<\/a>\n\t\t\t\t\t\t\t\t\t\t\t\t\t\t\t<\/div>\n\t\t\t\t<\/div>\n\t\t\t\t<\/div>\n\t\t<div class=\"elementor-element elementor-element-310ac32 e-con-full e-flex e-con e-child\" data-id=\"310ac32\" data-element_type=\"container\" data-e-type=\"container\">\n\t\t\t\t<div class=\"elementor-element elementor-element-ee11cf2 elementor-widget elementor-widget-image\" data-id=\"ee11cf2\" data-element_type=\"widget\" data-e-type=\"widget\" data-widget_type=\"image.default\">\n\t\t\t\t<div class=\"elementor-widget-container\">\n\t\t\t\t\t\t\t\t\t\t\t\t\t\t\t\t<a href=\"https:\/\/www.stasiowka.pl\/wp-content\/uploads\/2024\/01\/KAPLICA-02.jpeg.jpeg\" data-elementor-open-lightbox=\"yes\" data-elementor-lightbox-title=\"KAPLICA 02.jpeg\" data-e-action-hash=\"#elementor-action%3Aaction%3Dlightbox%26settings%3DeyJpZCI6NzEwLCJ1cmwiOiJodHRwczpcL1wvd3d3LnN0YXNpb3drYS5wbFwvd3AtY29udGVudFwvdXBsb2Fkc1wvMjAyNFwvMDFcL0tBUExJQ0EtMDIuanBlZy5qcGVnIn0%3D\">\n\t\t\t\t\t\t\t<img loading=\"lazy\" decoding=\"async\" width=\"195\" height=\"300\" src=\"https:\/\/www.stasiowka.pl\/wp-content\/uploads\/2024\/01\/KAPLICA-02.jpeg-195x300.jpeg\" class=\"attachment-medium size-medium wp-image-710\" alt=\"\" srcset=\"https:\/\/www.stasiowka.pl\/wp-content\/uploads\/2024\/01\/KAPLICA-02.jpeg-195x300.jpeg 195w, https:\/\/www.stasiowka.pl\/wp-content\/uploads\/2024\/01\/KAPLICA-02.jpeg-664x1024.jpeg 664w, https:\/\/www.stasiowka.pl\/wp-content\/uploads\/2024\/01\/KAPLICA-02.jpeg-768x1184.jpeg 768w, https:\/\/www.stasiowka.pl\/wp-content\/uploads\/2024\/01\/KAPLICA-02.jpeg-996x1536.jpeg 996w, https:\/\/www.stasiowka.pl\/wp-content\/uploads\/2024\/01\/KAPLICA-02.jpeg-847x1306.jpeg 847w, https:\/\/www.stasiowka.pl\/wp-content\/uploads\/2024\/01\/KAPLICA-02.jpeg.jpeg 1046w\" sizes=\"(max-width: 195px) 100vw, 195px\" \/>\t\t\t\t\t\t\t\t<\/a>\n\t\t\t\t\t\t\t\t\t\t\t\t\t\t\t<\/div>\n\t\t\t\t<\/div>\n\t\t\t\t<\/div>\n\t\t\t\t\t<\/div>\n\t\t\t\t<\/div>\n\t\t\t\t<\/div>\n\t\t","protected":false},"excerpt":{"rendered":"<p>Stasi\u00f3wka to malownicza miejscowo\u015b\u0107 po\u0142o\u017cona na po\u0142udnie od D\u0119bicy, dekanat D\u0119bica &#8211; Wsch\u00f3d, diecezja tarnowska. Patronami parafii s\u0105 Aposto\u0142owie \u015aw. Piotr i Pawe\u0142.W aktach Archiwum Kurii Biskupiej w Tarnowie 1758 r. czytamy informacj\u0119, \u017ce \u201ew Stasi\u00f3wce istnia\u0142 drewniany ko\u015bci\u00f3\u0142ek pod wezwaniem \u015bw. Anny, utrzymywany przez wiernych tej\u017ce wsi\u201d. Wynika z tego, \u017ce ko\u015bci\u00f3\u0142ek ten zosta\u0142 &hellip; <\/p>\n<p><a class=\"more-link btn\" href=\"https:\/\/www.stasiowka.pl\/?page_id=20\">Czytaj dalej<\/a><\/p>\n","protected":false},"author":1,"featured_media":0,"parent":0,"menu_order":0,"comment_status":"closed","ping_status":"closed","template":"","meta":{"ngg_post_thumbnail":0,"footnotes":""},"class_list":["post-20","page","type-page","status-publish","hentry","nodate","item-wrap"],"_links":{"self":[{"href":"https:\/\/www.stasiowka.pl\/index.php?rest_route=\/wp\/v2\/pages\/20","targetHints":{"allow":["GET"]}}],"collection":[{"href":"https:\/\/www.stasiowka.pl\/index.php?rest_route=\/wp\/v2\/pages"}],"about":[{"href":"https:\/\/www.stasiowka.pl\/index.php?rest_route=\/wp\/v2\/types\/page"}],"author":[{"embeddable":true,"href":"https:\/\/www.stasiowka.pl\/index.php?rest_route=\/wp\/v2\/users\/1"}],"replies":[{"embeddable":true,"href":"https:\/\/www.stasiowka.pl\/index.php?rest_route=%2Fwp%2Fv2%2Fcomments&post=20"}],"version-history":[{"count":20,"href":"https:\/\/www.stasiowka.pl\/index.php?rest_route=\/wp\/v2\/pages\/20\/revisions"}],"predecessor-version":[{"id":2920,"href":"https:\/\/www.stasiowka.pl\/index.php?rest_route=\/wp\/v2\/pages\/20\/revisions\/2920"}],"wp:attachment":[{"href":"https:\/\/www.stasiowka.pl\/index.php?rest_route=%2Fwp%2Fv2%2Fmedia&parent=20"}],"curies":[{"name":"wp","href":"https:\/\/api.w.org\/{rel}","templated":true}]}}